{"id":114,"date":"2015-06-26T09:40:10","date_gmt":"2015-06-26T07:40:10","guid":{"rendered":"https:\/\/www.centrumskolan.se\/wordpress\/?page_id=114"},"modified":"2018-11-08T18:19:50","modified_gmt":"2018-11-08T17:19:50","slug":"foraldraforeningen-2","status":"publish","type":"page","link":"https:\/\/www.centrumskolan.se\/?page_id=114","title":{"rendered":"F\u00d6R\u00c4LDRAF\u00d6RENINGEN"},"content":{"rendered":"<p id=\"module243\" class=\" moduletitle\"><a href=\"https:\/\/www.centrumskolan.se\/wp-content\/uploads\/2015\/06\/foraldraforeningen.jpg\"><img decoding=\"async\" loading=\"lazy\" class=\"alignleft size-medium wp-image-287\" src=\"https:\/\/www.centrumskolan.se\/wp-content\/uploads\/2015\/06\/foraldraforeningen-300x225.jpg\" alt=\"foraldraforeningen\" width=\"300\" height=\"225\" srcset=\"https:\/\/www.centrumskolan.se\/wp-content\/uploads\/2015\/06\/foraldraforeningen-300x225.jpg 300w, https:\/\/www.centrumskolan.se\/wp-content\/uploads\/2015\/06\/foraldraforeningen.jpg 550w\" sizes=\"(max-width: 300px) 100vw, 300px\" \/><\/a>F\u00f6reningen har funnits sedan Centrumskolan startades 1993. F\u00f6reningens syfte \u00e4r att vi f\u00f6r\u00e4ldrar med v\u00e5rt engagemang och v\u00e5ra respektive erfarenheter skall st\u00f6dja b\u00e5de barn och l\u00e4rare p\u00e5 olika s\u00e4tt. Detta g\u00f6rs genom ett aktivt socialt n\u00e4tverk och med olika konkreta aktiviteter som ligger utanf\u00f6r det dagliga skolarbetet.<\/p>\n<div id=\"ctl00_mainContent_ctl00_pnlOuterBody\" class=\"art-postcontent\">\n<div id=\"ctl00_mainContent_ctl00_pnlInnerBody\" class=\"modulecontent\">\n<div id=\"ctl00_mainContent_ctl00_divContent\">\n<p align=\"LEFT\"><strong>Aktiviteter<\/strong><\/p>\n<p align=\"LEFT\">F\u00f6r\u00e4ldraf\u00f6reningen deltar vid b\u00e5de Mikaeli Marknad och Julmarknaden p\u00e5 Fredriksdal. F\u00f6rs\u00e4ljningen av \u00e4pplegl\u00f6gg, kakor och br\u00f6d ger oss en ekonomi f\u00f6r v\u00e5ra olika barnaktiviteter.<\/p>\n<p align=\"LEFT\">Vi organiserar mys- och diskokv\u00e4llar, avslutningsfest f\u00f6r avg\u00e5ngsklassen och utflykter som \u00e4r ut\u00f6ver Centrumskolans ansvar och m\u00f6jligheter. Vi har under \u00e5ren organiserat familjekul i Fredriksdalsskogen. Vi ser till att v\u00e5ra fantastiska l\u00e4rare och skolpersonal tackas av med blommor och\/eller presenter.<\/p>\n<p align=\"LEFT\">Vi f\u00f6r\u00e4ldrar utg\u00f6r naturligtvis ett viktigt n\u00e4tverk. Vi har alla ett eget socialt n\u00e4tverk som p\u00e5 olika s\u00e4tt kan tillf\u00f6ra barnen kunskap om livet utanf\u00f6r skolan \u2013 i samklang med undervisningen och olika aktuella skolprojekt. Enskilda f\u00f6r\u00e4ldrar f\u00e5r g\u00e4rna ordna studiebes\u00f6k p\u00e5 intressanta arbetsplatser eller hj\u00e4lpa till med konkreta projekt utifr\u00e5n kompetens och yrkeserfarenhet. Organisation Vi tr\u00e4ffas tre till fyra g\u00e5nger per l\u00e4s\u00e5r och alla Centrumf\u00f6r\u00e4ldrar \u00e4r hj\u00e4rtligt v\u00e4lkomna att delta. Medlemsavgiften \u00e4r 150 kr\/l\u00e4s\u00e5r och familj.<\/p>\n<h4 align=\"LEFT\"><\/h4>\n<\/div>\n<\/div>\n<\/div>\n","protected":false},"excerpt":{"rendered":"<p>F\u00f6reningen har funnits sedan Centrumskolan startades 1993. F\u00f6reningens syfte \u00e4r att vi f\u00f6r\u00e4ldrar med v\u00e5rt engagemang och v\u00e5ra respektive erfarenheter skall st\u00f6dja b\u00e5de barn och l\u00e4rare p\u00e5 olika s\u00e4tt. Detta g\u00f6rs genom ett aktivt socialt n\u00e4tverk och med olika konkreta aktiviteter som ligger utanf\u00f6r det dagliga skolarbetet. Aktiviteter F\u00f6r\u00e4ldraf\u00f6reningen deltar vid b\u00e5de Mikaeli Marknad och Julmarknaden p\u00e5 Fredriksdal. F\u00f6rs\u00e4ljningen av \u00e4pplegl\u00f6gg, kakor och br\u00f6d ger oss en ekonomi f\u00f6r v\u00e5ra olika barnaktiviteter. Vi organiserar mys- och diskokv\u00e4llar, avslutningsfest f\u00f6r avg\u00e5ngsklassen och utflykter som \u00e4r ut\u00f6ver Centrumskolans ansvar och m\u00f6jligheter. Vi har under \u00e5ren organiserat familjekul i Fredriksdalsskogen. Vi ser till att v\u00e5ra fantastiska l\u00e4rare och skolpersonal tackas av med blommor och\/eller presenter. Vi f\u00f6r\u00e4ldrar utg\u00f6r naturligtvis ett viktigt n\u00e4tverk. Vi har alla ett eget socialt n\u00e4tverk som p\u00e5 olika s\u00e4tt kan tillf\u00f6ra barnen kunskap om livet utanf\u00f6r skolan \u2013 i samklang med undervisningen och olika aktuella skolprojekt. Enskilda f\u00f6r\u00e4ldrar f\u00e5r g\u00e4rna ordna studiebes\u00f6k p\u00e5 intressanta arbetsplatser eller hj\u00e4lpa till med konkreta projekt utifr\u00e5n kompetens och yrkeserfarenhet. Organisation Vi tr\u00e4ffas tre till fyra g\u00e5nger per l\u00e4s\u00e5r och alla Centrumf\u00f6r\u00e4ldrar \u00e4r hj\u00e4rtligt v\u00e4lkomna att delta. Medlemsavgiften \u00e4r 150 kr\/l\u00e4s\u00e5r och familj.<\/p>\n","protected":false},"author":1,"featured_media":0,"parent":0,"menu_order":0,"comment_status":"open","ping_status":"open","template":"","meta":{"footnotes":""},"_links":{"self":[{"href":"https:\/\/www.centrumskolan.se\/index.php?rest_route=\/wp\/v2\/pages\/114"}],"collection":[{"href":"https:\/\/www.centrumskolan.se\/index.php?rest_route=\/wp\/v2\/pages"}],"about":[{"href":"https:\/\/www.centrumskolan.se\/index.php?rest_route=\/wp\/v2\/types\/page"}],"author":[{"embeddable":true,"href":"https:\/\/www.centrumskolan.se\/index.php?rest_route=\/wp\/v2\/users\/1"}],"replies":[{"embeddable":true,"href":"https:\/\/www.centrumskolan.se\/index.php?rest_route=%2Fwp%2Fv2%2Fcomments&post=114"}],"version-history":[{"count":13,"href":"https:\/\/www.centrumskolan.se\/index.php?rest_route=\/wp\/v2\/pages\/114\/revisions"}],"predecessor-version":[{"id":746,"href":"https:\/\/www.centrumskolan.se\/index.php?rest_route=\/wp\/v2\/pages\/114\/revisions\/746"}],"wp:attachment":[{"href":"https:\/\/www.centrumskolan.se\/index.php?rest_route=%2Fwp%2Fv2%2Fmedia&parent=114"}],"curies":[{"name":"wp","href":"https:\/\/api.w.org\/{rel}","templated":true}]}}